{"id":1236,"date":"2015-12-02T09:00:28","date_gmt":"2015-12-02T09:00:28","guid":{"rendered":"http:\/\/transcaribe.gov.co\/?post_type=avisosycartelera&#038;p=1236"},"modified":"2016-12-21T23:13:17","modified_gmt":"2016-12-21T23:13:17","slug":"boletin-de-avance-de-obras","status":"publish","type":"avisosycartelera","link":"https:\/\/transcaribe.gov.co\/index.php\/avisosycartelera\/boletin-de-avance-de-obras\/","title":{"rendered":"AVISO DE CONVOCATORIA &#8211; SEGUNDO PLAZO DE POSTULACI\u00d3N DE VEH\u00cdCULOS CON LOS CUALES SE PRESTA EL SERVICIO DE TRANSPORTE P\u00daBLICO COLECTIVO EN LA CIUDAD DE CARTAGENA DE INDIAS D. T .y C."},"content":{"rendered":"<div class=\"field field-name-body field-type-text-with-summary field-label-hidden\">\n<div class=\"field-items\">\n<div class=\"field-item even\">\n<p>Cartagena de Indias, Dic. 2 de 2015<\/p>\n<p>Transcaribe abre segunda fecha de convocatoria para chatarrizar buses.<\/p>\n<p>El gerente del SITM, Carlos Coronado Yances, dijo que la segunda fecha de postulaci\u00f3n es hasta el pr\u00f3ximo 28 de Diciembre de 2015.<\/p>\n<p>El gerente de Transcaribe, Carlos Coronado Yances, anunci\u00f3 la apertura de la segunda fecha de convocatoria para que los propietarios de buses, que no postularon sus veh\u00edculos a chatarrizar hasta el pasado 6 de noviembre, lo hagan hasta el pr\u00f3ximo 28 de diciembre del 2015.<\/p>\n<p>Este nuevo plazo de postulaci\u00f3n de los automotores con los cuales prestan el servicio de transporte p\u00fablico colectivo en la ciudad, se produce para darles una nueva oportunidad para que lo hagan quienes no lo hicieron en una primera convocatoria, dijo Coronado Yances.<\/p>\n<p>Manifest\u00f3 que en esta segunda fecha, la participaci\u00f3n de los propietarios de veh\u00edculos actuales del servicio colectivo que no est\u00e1n vinculados con ninguna propuesta presentada por los actuales concesionarios Sotramac y Transambiental, consta de dos fases:<\/p>\n<p>Fase de Postulaci\u00f3n: momento en que el propietario del veh\u00edculo manifiesta su voluntad irrevocable ante Transcaribe, de desvincular su veh\u00edculo del sistema colectivo, y as\u00ed acceder al pago del 75% del valor relacionado en la tabla del documento de postulaci\u00f3n diligenciado.<\/p>\n<p>Fase de Entrega: momento en que el propietario, en la fecha y lugar fijado por Transcaribe de acuerdo con las reglas previstas, hace entrega del veh\u00edculo ante la Sij\u00edn, previo cumplimiento de la condici\u00f3n suspensiva relacionada con la existencia certificada de recursos en el patrimonio aut\u00f3nomo en el cual se administran los recursos del Fondo Unificado (FUDO) y cumple los requisitos para ser beneficiario del pago del veh\u00edculo.<\/p>\n<p>Record\u00f3 que en una primera fase fueron postulados 895 veh\u00edculos para ser chatarrrizados.<\/p>\n<p>El gerente de Transcaribe reiter\u00f3 que el segundo plazo de postulaci\u00f3n se cumplir\u00e1 hasta el 28 de Diciembre y los documentos del proceso de postulaci\u00f3n estar\u00e1n disponibles para consulta de los interesados en la \u00a0sede de la empresa Carrera 5A # 66-91 Edificio Eliana Barrio Crespo.<\/p>\n<p>As\u00ed mismo pone a disposici\u00f3n de los interesados en hacer la postulaci\u00f3n de los veh\u00edculos, el apoyo institucional que sea requerido para efectos de precisar las reglas del proceso, de manera que se cumpla con plena claridad de los propietarios.<\/p>\n<p>TRANSCARIBE S.A. dando cumplimiento a la estructuraci\u00f3n del proceso de implementaci\u00f3n del Sistema\u00a0Integrado de Transporte Masivo (SITM), convoca a los propietarios de veh\u00edculos que no fueron postulados\u00a0con la propuesta presentada por el actual concesionario SOTRAMAC S.A.S. (Concesionarios No. 1 ), ni con\u00a0la presentada por TRANSAMBIENTAL SAS. (Concesionario No. 2), a participar en el proceso de\u00a0desvinculaci\u00f3n y desintegraci\u00f3n del parque automotor con el cual se presta el servicio de transporte\u00a0p\u00fablico colectivo (TPC) en la ciudad de Cartagena, dentro de este SEGUNDO PLAZO DE POSTULACION.<\/p>\n<p>La participaci\u00f3n de los propietarios de veh\u00edculos actuales del servicio colectivo de la ciudad, que no est\u00e9n\u00a0vinculados con ninguna propuesta presentada por los actuales CONCESIONARIOS, consta de dos fases:<\/p>\n<p>(i) Fase de POSTULACI\u00d3N: momento en el que el propietario del veh\u00edculo manifiesta su voluntad\u00a0irrevocable ante TRANSCARIBE de desvincular su veh\u00edculo del sistema colectivo y as\u00ed acceder al pago del\u00a075% del valor relacionado en la tabla del Anexo No. 1 del documento de postulaci\u00f3n, diligenciando para\u00a0el efecto el formato contenido en el Anexo No. 3.<\/p>\n<p>(ii) Fase de ENTREGA: momento en el que el propietario, en la fecha y lugar fijado por TRANSCARI BE de\u00a0acuerdo con las reglas previstas en el Anexo No. 2 de este AVISO, hace entrega del veh\u00edculo ante la SIJIN,\u00a0previo cumplimiento de la condici\u00f3n suspensiva relacionada con la existencia certificada de recursos en\u00a0el patrimonio aut\u00f3nomo en el cual se administran los recursos del FONDO UNIFICADO (FUDO), y cumple\u00a0los requisitos para ser beneficiario del pago del veh\u00edculo.<\/p>\n<p>EL SEGUNDO PLAZO DE POSTULACI\u00d3N se cumplir\u00e1 hasta el VEINTIOCHO (28) DE DICIEMBRE DE 201 S. Los\u00a0documentos del proceso de postulaci\u00f3n est\u00e1n disponibles para consulta de los interesados en\u00a0TRANSCARIBE S.A.<\/p>\n<p>TRANSCARIBE S.A. pone a disposici\u00f3n de los interesados en hacer la postulaci\u00f3n de los veh\u00edculos el apoyo\u00a0Institucional que sea requerido para efectos de precisar las reglas del proceso. de manera que se cumpla\u00a0con plena claridad de los propietarios.<\/p>\n<\/div>\n<\/div>\n<\/div>\n<div class=\"field field-name-field-image field-type-image field-label-hidden\">\n<div class=\"field-items\">\n<div class=\"field-item even\">02Atentamente,<\/div>\n<div class=\"field-item even\">\nCARLOS CORONADO YANCES<br \/>\nGerente Suplente<\/div>\n<\/div>\n<\/div>\n<div class='cb-post-url-qr-code'><br><img src='https:\/\/api.qrserver.com\/v1\/create-qr-code\/?size=185x185&ecc=L&qzone=1&data=https%3A%2F%2Ftranscaribe.gov.co%2Findex.php%2Favisosycartelera%2Fboletin-de-avance-de-obras%2F' alt='AVISO DE CONVOCATORIA &#8211; SEGUNDO PLAZO DE POSTULACI\u00d3N DE VEH\u00cdCULOS CON LOS CUALES SE PRESTA EL SERVICIO DE TRANSPORTE P\u00daBLICO COLECTIVO EN LA CIUDAD DE CARTAGENA DE INDIAS D. T .y C.'\/><\/div>","protected":false},"excerpt":{"rendered":"<p>Cartagena de Indias, Dic. 2 de 2015 Transcaribe abre segunda fecha de convocatoria para chatarrizar buses. El gerente del SITM, Carlos Coronado Yances, dijo que la segunda fecha de postulaci\u00f3n es hasta el pr\u00f3ximo 28 de Diciembre de 2015. El gerente de Transcaribe, Carlos Coronado Yances, anunci\u00f3 la apertura de la segunda fecha de convocatoria [&hellip;]<\/p>\n","protected":false},"author":1,"featured_media":4475,"menu_order":0,"comment_status":"open","ping_status":"open","template":"","format":"standard","meta":{"footnotes":""},"class_list":["post-1236","avisosycartelera","type-avisosycartelera","status-publish","format-standard","has-post-thumbnail","hentry"],"yoast_head":"<!-- This site is optimized with the Yoast SEO plugin v27.3 - https:\/\/yoast.com\/product\/yoast-seo-wordpress\/ -->\n<title>AVISO DE CONVOCATORIA - SEGUNDO PLAZO DE POSTULACI\u00d3N DE VEH\u00cdCULOS CON LOS CUALES SE PRESTA EL SERVICIO DE TRANSPORTE P\u00daBLICO COLECTIVO EN LA CIUDAD DE CARTAGENA DE INDIAS D. T .y C. -<\/title>\n<meta name=\"robots\" content=\"index, follow, max-snippet:-1, max-image-preview:large, max-video-preview:-1\" \/>\n<link rel=\"canonical\" href=\"https:\/\/transcaribe.gov.co\/index.php\/avisosycartelera\/boletin-de-avance-de-obras\/\" \/>\n<meta property=\"og:locale\" content=\"es_ES\" \/>\n<meta property=\"og:type\" content=\"article\" \/>\n<meta property=\"og:title\" content=\"AVISO DE CONVOCATORIA - SEGUNDO PLAZO DE POSTULACI\u00d3N DE VEH\u00cdCULOS CON LOS CUALES SE PRESTA EL SERVICIO DE TRANSPORTE P\u00daBLICO COLECTIVO EN LA CIUDAD DE CARTAGENA DE INDIAS D. T .y C. -\" \/>\n<meta property=\"og:description\" content=\"Cartagena de Indias, Dic. 2 de 2015 Transcaribe abre segunda fecha de convocatoria para chatarrizar buses. El gerente del SITM, Carlos Coronado Yances, dijo que la segunda fecha de postulaci\u00f3n es hasta el pr\u00f3ximo 28 de Diciembre de 2015. El gerente de Transcaribe, Carlos Coronado Yances, anunci\u00f3 la apertura de la segunda fecha de convocatoria [&hellip;]\" \/>\n<meta property=\"og:url\" content=\"https:\/\/transcaribe.gov.co\/index.php\/avisosycartelera\/boletin-de-avance-de-obras\/\" \/>\n<meta property=\"article:publisher\" content=\"https:\/\/www.facebook.com\/TranscaribeCTG\" \/>\n<meta property=\"article:modified_time\" content=\"2016-12-21T23:13:17+00:00\" \/>\n<meta property=\"og:image\" content=\"https:\/\/transcaribe.gov.co\/wp-content\/uploads\/2023\/10\/cropped-Favicon_Transcaribe.png\" \/>\n\t<meta property=\"og:image:width\" content=\"512\" \/>\n\t<meta property=\"og:image:height\" content=\"512\" \/>\n\t<meta property=\"og:image:type\" content=\"image\/png\" \/>\n<meta name=\"twitter:card\" content=\"summary_large_image\" \/>\n<meta name=\"twitter:site\" content=\"@transcaribeSITM\" \/>\n<meta name=\"twitter:label1\" content=\"Tiempo de lectura\" \/>\n\t<meta name=\"twitter:data1\" content=\"4 minutos\" \/>\n<script type=\"application\/ld+json\" class=\"yoast-schema-graph\">{\"@context\":\"https:\\\/\\\/schema.org\",\"@graph\":[{\"@type\":\"WebPage\",\"@id\":\"https:\\\/\\\/transcaribe.gov.co\\\/index.php\\\/avisosycartelera\\\/boletin-de-avance-de-obras\\\/\",\"url\":\"https:\\\/\\\/transcaribe.gov.co\\\/index.php\\\/avisosycartelera\\\/boletin-de-avance-de-obras\\\/\",\"name\":\"AVISO DE CONVOCATORIA - SEGUNDO PLAZO DE POSTULACI\u00d3N DE VEH\u00cdCULOS CON LOS CUALES SE PRESTA EL SERVICIO DE TRANSPORTE P\u00daBLICO COLECTIVO EN LA CIUDAD DE CARTAGENA DE INDIAS D. T .y C. -\",\"isPartOf\":{\"@id\":\"https:\\\/\\\/transcaribe.gov.co\\\/#website\"},\"primaryImageOfPage\":{\"@id\":\"https:\\\/\\\/transcaribe.gov.co\\\/index.php\\\/avisosycartelera\\\/boletin-de-avance-de-obras\\\/#primaryimage\"},\"image\":{\"@id\":\"https:\\\/\\\/transcaribe.gov.co\\\/index.php\\\/avisosycartelera\\\/boletin-de-avance-de-obras\\\/#primaryimage\"},\"thumbnailUrl\":\"https:\\\/\\\/transcaribe.gov.co\\\/wp-content\\\/uploads\\\/2023\\\/10\\\/cropped-Favicon_Transcaribe.png\",\"datePublished\":\"2015-12-02T09:00:28+00:00\",\"dateModified\":\"2016-12-21T23:13:17+00:00\",\"breadcrumb\":{\"@id\":\"https:\\\/\\\/transcaribe.gov.co\\\/index.php\\\/avisosycartelera\\\/boletin-de-avance-de-obras\\\/#breadcrumb\"},\"inLanguage\":\"es\",\"potentialAction\":[{\"@type\":\"ReadAction\",\"target\":[\"https:\\\/\\\/transcaribe.gov.co\\\/index.php\\\/avisosycartelera\\\/boletin-de-avance-de-obras\\\/\"]}]},{\"@type\":\"ImageObject\",\"inLanguage\":\"es\",\"@id\":\"https:\\\/\\\/transcaribe.gov.co\\\/index.php\\\/avisosycartelera\\\/boletin-de-avance-de-obras\\\/#primaryimage\",\"url\":\"https:\\\/\\\/transcaribe.gov.co\\\/wp-content\\\/uploads\\\/2023\\\/10\\\/cropped-Favicon_Transcaribe.png\",\"contentUrl\":\"https:\\\/\\\/transcaribe.gov.co\\\/wp-content\\\/uploads\\\/2023\\\/10\\\/cropped-Favicon_Transcaribe.png\",\"width\":512,\"height\":512},{\"@type\":\"BreadcrumbList\",\"@id\":\"https:\\\/\\\/transcaribe.gov.co\\\/index.php\\\/avisosycartelera\\\/boletin-de-avance-de-obras\\\/#breadcrumb\",\"itemListElement\":[{\"@type\":\"ListItem\",\"position\":1,\"name\":\"Portada\",\"item\":\"https:\\\/\\\/transcaribe.gov.co\\\/\"},{\"@type\":\"ListItem\",\"position\":2,\"name\":\"AVISO DE CONVOCATORIA &#8211; SEGUNDO PLAZO DE POSTULACI\u00d3N DE VEH\u00cdCULOS CON LOS CUALES SE PRESTA EL SERVICIO DE TRANSPORTE P\u00daBLICO COLECTIVO EN LA CIUDAD DE CARTAGENA DE INDIAS D. T .y C.\"}]},{\"@type\":\"WebSite\",\"@id\":\"https:\\\/\\\/transcaribe.gov.co\\\/#website\",\"url\":\"https:\\\/\\\/transcaribe.gov.co\\\/\",\"name\":\"TRANSCARIBE\",\"description\":\"\",\"publisher\":{\"@id\":\"https:\\\/\\\/transcaribe.gov.co\\\/#organization\"},\"potentialAction\":[{\"@type\":\"SearchAction\",\"target\":{\"@type\":\"EntryPoint\",\"urlTemplate\":\"https:\\\/\\\/transcaribe.gov.co\\\/?s={search_term_string}\"},\"query-input\":{\"@type\":\"PropertyValueSpecification\",\"valueRequired\":true,\"valueName\":\"search_term_string\"}}],\"inLanguage\":\"es\"},{\"@type\":\"Organization\",\"@id\":\"https:\\\/\\\/transcaribe.gov.co\\\/#organization\",\"name\":\"TRANSCARIBE S.A.\",\"url\":\"https:\\\/\\\/transcaribe.gov.co\\\/\",\"logo\":{\"@type\":\"ImageObject\",\"inLanguage\":\"es\",\"@id\":\"https:\\\/\\\/transcaribe.gov.co\\\/#\\\/schema\\\/logo\\\/image\\\/\",\"url\":\"https:\\\/\\\/transcaribe.gov.co\\\/wp-content\\\/uploads\\\/2023\\\/10\\\/cropped-Favicon_Transcaribe.png\",\"contentUrl\":\"https:\\\/\\\/transcaribe.gov.co\\\/wp-content\\\/uploads\\\/2023\\\/10\\\/cropped-Favicon_Transcaribe.png\",\"width\":512,\"height\":512,\"caption\":\"TRANSCARIBE S.A.\"},\"image\":{\"@id\":\"https:\\\/\\\/transcaribe.gov.co\\\/#\\\/schema\\\/logo\\\/image\\\/\"},\"sameAs\":[\"https:\\\/\\\/www.facebook.com\\\/TranscaribeCTG\",\"https:\\\/\\\/x.com\\\/transcaribeSITM\",\"https:\\\/\\\/www.instagram.com\\\/Transcaribecartagena\\\/\",\"https:\\\/\\\/www.youtube.com\\\/channel\\\/UCyM8-7H1Ux9hsYGlCkSkQaA\"]}]}<\/script>\n<!-- \/ Yoast SEO plugin. -->","yoast_head_json":{"title":"AVISO DE CONVOCATORIA - SEGUNDO PLAZO DE POSTULACI\u00d3N DE VEH\u00cdCULOS CON LOS CUALES SE PRESTA EL SERVICIO DE TRANSPORTE P\u00daBLICO COLECTIVO EN LA CIUDAD DE CARTAGENA DE INDIAS D. T .y C. -","robots":{"index":"index","follow":"follow","max-snippet":"max-snippet:-1","max-image-preview":"max-image-preview:large","max-video-preview":"max-video-preview:-1"},"canonical":"https:\/\/transcaribe.gov.co\/index.php\/avisosycartelera\/boletin-de-avance-de-obras\/","og_locale":"es_ES","og_type":"article","og_title":"AVISO DE CONVOCATORIA - SEGUNDO PLAZO DE POSTULACI\u00d3N DE VEH\u00cdCULOS CON LOS CUALES SE PRESTA EL SERVICIO DE TRANSPORTE P\u00daBLICO COLECTIVO EN LA CIUDAD DE CARTAGENA DE INDIAS D. T .y C. -","og_description":"Cartagena de Indias, Dic. 2 de 2015 Transcaribe abre segunda fecha de convocatoria para chatarrizar buses. El gerente del SITM, Carlos Coronado Yances, dijo que la segunda fecha de postulaci\u00f3n es hasta el pr\u00f3ximo 28 de Diciembre de 2015. El gerente de Transcaribe, Carlos Coronado Yances, anunci\u00f3 la apertura de la segunda fecha de convocatoria [&hellip;]","og_url":"https:\/\/transcaribe.gov.co\/index.php\/avisosycartelera\/boletin-de-avance-de-obras\/","article_publisher":"https:\/\/www.facebook.com\/TranscaribeCTG","article_modified_time":"2016-12-21T23:13:17+00:00","og_image":[{"width":512,"height":512,"url":"https:\/\/transcaribe.gov.co\/wp-content\/uploads\/2023\/10\/cropped-Favicon_Transcaribe.png","type":"image\/png"}],"twitter_card":"summary_large_image","twitter_site":"@transcaribeSITM","twitter_misc":{"Tiempo de lectura":"4 minutos"},"schema":{"@context":"https:\/\/schema.org","@graph":[{"@type":"WebPage","@id":"https:\/\/transcaribe.gov.co\/index.php\/avisosycartelera\/boletin-de-avance-de-obras\/","url":"https:\/\/transcaribe.gov.co\/index.php\/avisosycartelera\/boletin-de-avance-de-obras\/","name":"AVISO DE CONVOCATORIA - SEGUNDO PLAZO DE POSTULACI\u00d3N DE VEH\u00cdCULOS CON LOS CUALES SE PRESTA EL SERVICIO DE TRANSPORTE P\u00daBLICO COLECTIVO EN LA CIUDAD DE CARTAGENA DE INDIAS D. T .y C. -","isPartOf":{"@id":"https:\/\/transcaribe.gov.co\/#website"},"primaryImageOfPage":{"@id":"https:\/\/transcaribe.gov.co\/index.php\/avisosycartelera\/boletin-de-avance-de-obras\/#primaryimage"},"image":{"@id":"https:\/\/transcaribe.gov.co\/index.php\/avisosycartelera\/boletin-de-avance-de-obras\/#primaryimage"},"thumbnailUrl":"https:\/\/transcaribe.gov.co\/wp-content\/uploads\/2023\/10\/cropped-Favicon_Transcaribe.png","datePublished":"2015-12-02T09:00:28+00:00","dateModified":"2016-12-21T23:13:17+00:00","breadcrumb":{"@id":"https:\/\/transcaribe.gov.co\/index.php\/avisosycartelera\/boletin-de-avance-de-obras\/#breadcrumb"},"inLanguage":"es","potentialAction":[{"@type":"ReadAction","target":["https:\/\/transcaribe.gov.co\/index.php\/avisosycartelera\/boletin-de-avance-de-obras\/"]}]},{"@type":"ImageObject","inLanguage":"es","@id":"https:\/\/transcaribe.gov.co\/index.php\/avisosycartelera\/boletin-de-avance-de-obras\/#primaryimage","url":"https:\/\/transcaribe.gov.co\/wp-content\/uploads\/2023\/10\/cropped-Favicon_Transcaribe.png","contentUrl":"https:\/\/transcaribe.gov.co\/wp-content\/uploads\/2023\/10\/cropped-Favicon_Transcaribe.png","width":512,"height":512},{"@type":"BreadcrumbList","@id":"https:\/\/transcaribe.gov.co\/index.php\/avisosycartelera\/boletin-de-avance-de-obras\/#breadcrumb","itemListElement":[{"@type":"ListItem","position":1,"name":"Portada","item":"https:\/\/transcaribe.gov.co\/"},{"@type":"ListItem","position":2,"name":"AVISO DE CONVOCATORIA &#8211; SEGUNDO PLAZO DE POSTULACI\u00d3N DE VEH\u00cdCULOS CON LOS CUALES SE PRESTA EL SERVICIO DE TRANSPORTE P\u00daBLICO COLECTIVO EN LA CIUDAD DE CARTAGENA DE INDIAS D. T .y C."}]},{"@type":"WebSite","@id":"https:\/\/transcaribe.gov.co\/#website","url":"https:\/\/transcaribe.gov.co\/","name":"TRANSCARIBE","description":"","publisher":{"@id":"https:\/\/transcaribe.gov.co\/#organization"},"potentialAction":[{"@type":"SearchAction","target":{"@type":"EntryPoint","urlTemplate":"https:\/\/transcaribe.gov.co\/?s={search_term_string}"},"query-input":{"@type":"PropertyValueSpecification","valueRequired":true,"valueName":"search_term_string"}}],"inLanguage":"es"},{"@type":"Organization","@id":"https:\/\/transcaribe.gov.co\/#organization","name":"TRANSCARIBE S.A.","url":"https:\/\/transcaribe.gov.co\/","logo":{"@type":"ImageObject","inLanguage":"es","@id":"https:\/\/transcaribe.gov.co\/#\/schema\/logo\/image\/","url":"https:\/\/transcaribe.gov.co\/wp-content\/uploads\/2023\/10\/cropped-Favicon_Transcaribe.png","contentUrl":"https:\/\/transcaribe.gov.co\/wp-content\/uploads\/2023\/10\/cropped-Favicon_Transcaribe.png","width":512,"height":512,"caption":"TRANSCARIBE S.A."},"image":{"@id":"https:\/\/transcaribe.gov.co\/#\/schema\/logo\/image\/"},"sameAs":["https:\/\/www.facebook.com\/TranscaribeCTG","https:\/\/x.com\/transcaribeSITM","https:\/\/www.instagram.com\/Transcaribecartagena\/","https:\/\/www.youtube.com\/channel\/UCyM8-7H1Ux9hsYGlCkSkQaA"]}]}},"_links":{"self":[{"href":"https:\/\/transcaribe.gov.co\/index.php\/wp-json\/wp\/v2\/avisosycartelera\/1236","targetHints":{"allow":["GET"]}}],"collection":[{"href":"https:\/\/transcaribe.gov.co\/index.php\/wp-json\/wp\/v2\/avisosycartelera"}],"about":[{"href":"https:\/\/transcaribe.gov.co\/index.php\/wp-json\/wp\/v2\/types\/avisosycartelera"}],"author":[{"embeddable":true,"href":"https:\/\/transcaribe.gov.co\/index.php\/wp-json\/wp\/v2\/users\/1"}],"replies":[{"embeddable":true,"href":"https:\/\/transcaribe.gov.co\/index.php\/wp-json\/wp\/v2\/comments?post=1236"}],"version-history":[{"count":0,"href":"https:\/\/transcaribe.gov.co\/index.php\/wp-json\/wp\/v2\/avisosycartelera\/1236\/revisions"}],"wp:featuredmedia":[{"embeddable":true,"href":"https:\/\/transcaribe.gov.co\/index.php\/wp-json\/wp\/v2\/media\/4475"}],"wp:attachment":[{"href":"https:\/\/transcaribe.gov.co\/index.php\/wp-json\/wp\/v2\/media?parent=1236"}],"curies":[{"name":"wp","href":"https:\/\/api.w.org\/{rel}","templated":true}]}}